{"id":73,"date":"2024-05-01T00:52:38","date_gmt":"2024-04-30T22:52:38","guid":{"rendered":"https:\/\/cordeliaalegre.com\/?page_id=73"},"modified":"2024-09-16T12:04:13","modified_gmt":"2024-09-16T10:04:13","slug":"sobre-mi","status":"publish","type":"page","link":"https:\/\/cordeliaalegre.com\/en\/sobre-mi\/","title":{"rendered":"About"},"content":{"rendered":"<div data-elementor-type=\"wp-page\" data-elementor-id=\"73\" class=\"elementor elementor-73\" data-elementor-post-type=\"page\">\n\t\t\t\t<div class=\"elementor-element elementor-element-4f9b91e e-con-full e-flex wpr-particle-no wpr-jarallax-no wpr-parallax-no wpr-sticky-section-no e-con e-parent\" data-id=\"4f9b91e\" data-element_type=\"container\">\n\t\t\t\t<div class=\"elementor-element elementor-element-ad56abf elementor-widget-divider--view-line elementor-widget elementor-widget-divider\" data-id=\"ad56abf\" data-element_type=\"widget\" data-widget_type=\"divider.default\">\n\t\t\t\t\t\t\t<div class=\"elementor-divider\">\n\t\t\t<span class=\"elementor-divider-separator\">\n\t\t\t\t\t\t<\/span>\n\t\t<\/div>\n\t\t\t\t\t\t<\/div>\n\t\t<div class=\"elementor-element elementor-element-16a84cc e-flex e-con-boxed wpr-particle-no wpr-jarallax-no wpr-parallax-no wpr-sticky-section-no elementor-invisible e-con e-child\" data-id=\"16a84cc\" data-element_type=\"container\" data-settings=\"{&quot;animation&quot;:&quot;fadeInUp&quot;}\">\n\t\t\t\t\t<div class=\"e-con-inner\">\n\t\t\t\t<div class=\"elementor-element elementor-element-da6fde2 elementor-widget elementor-widget-heading\" data-id=\"da6fde2\" data-element_type=\"widget\" data-widget_type=\"heading.default\">\n\t\t\t\t\t<h2 class=\"elementor-heading-title elementor-size-default\">About<\/h2>\t\t\t\t<\/div>\n\t\t\t\t<div class=\"elementor-element elementor-element-b34e64a elementor-hidden-desktop elementor-hidden-tablet elementor-hidden-mobile elementor-widget elementor-widget-image\" data-id=\"b34e64a\" data-element_type=\"widget\" data-widget_type=\"image.default\">\n\t\t\t\t\t\t\t\t\t\t\t\t\t\t\t<img fetchpriority=\"high\" decoding=\"async\" width=\"800\" height=\"116\" src=\"https:\/\/cordeliaalegre.com\/wp-content\/uploads\/2024\/05\/Recurso-2-1024x149.png\" class=\"attachment-large size-large wp-image-75\" alt=\"\" srcset=\"https:\/\/cordeliaalegre.com\/wp-content\/uploads\/2024\/05\/Recurso-2-1024x149.png 1024w, https:\/\/cordeliaalegre.com\/wp-content\/uploads\/2024\/05\/Recurso-2-300x44.png 300w, https:\/\/cordeliaalegre.com\/wp-content\/uploads\/2024\/05\/Recurso-2-768x112.png 768w, https:\/\/cordeliaalegre.com\/wp-content\/uploads\/2024\/05\/Recurso-2-1536x224.png 1536w, https:\/\/cordeliaalegre.com\/wp-content\/uploads\/2024\/05\/Recurso-2-2048x299.png 2048w\" sizes=\"(max-width: 800px) 100vw, 800px\" \/>\t\t\t\t\t\t\t\t\t\t\t\t\t\t\t<\/div>\n\t\t\t\t\t<\/div>\n\t\t\t\t<\/div>\n\t\t\t\t<div class=\"elementor-element elementor-element-a72fab7 elementor-widget-divider--view-line elementor-widget elementor-widget-divider\" data-id=\"a72fab7\" data-element_type=\"widget\" data-widget_type=\"divider.default\">\n\t\t\t\t\t\t\t<div class=\"elementor-divider\">\n\t\t\t<span class=\"elementor-divider-separator\">\n\t\t\t\t\t\t<\/span>\n\t\t<\/div>\n\t\t\t\t\t\t<\/div>\n\t\t\t\t<\/div>\n\t\t<div class=\"elementor-element elementor-element-ca2a4b1 e-con-full e-flex wpr-particle-no wpr-jarallax-no wpr-parallax-no wpr-sticky-section-no e-con e-parent\" data-id=\"ca2a4b1\" data-element_type=\"container\">\n\t\t<div class=\"elementor-element elementor-element-6678095 e-con-full elementor-hidden-desktop elementor-hidden-tablet elementor-hidden-mobile e-flex wpr-particle-no wpr-jarallax-no wpr-parallax-no wpr-sticky-section-no elementor-invisible e-con e-child\" data-id=\"6678095\" data-element_type=\"container\" data-settings=\"{&quot;animation&quot;:&quot;fadeInUp&quot;}\">\n\t\t\t\t<div class=\"elementor-element elementor-element-bc5b3e3 elementor-widget__width-initial elementor-widget elementor-widget-text-editor\" data-id=\"bc5b3e3\" data-element_type=\"widget\" data-widget_type=\"text-editor.default\">\n\t\t\t\t\t\t\t\t\t<p>Hola! S\u00f3c Cordelia Alegre, una apassionada directora i guionista nascuda a Barcelona.<\/p>\t\t\t\t\t\t\t\t<\/div>\n\t\t\t\t<\/div>\n\t\t<div class=\"elementor-element elementor-element-87946a5 e-con-full e-flex wpr-particle-no wpr-jarallax-no wpr-parallax-no wpr-sticky-section-no elementor-invisible e-con e-child\" data-id=\"87946a5\" data-element_type=\"container\" data-settings=\"{&quot;animation&quot;:&quot;fadeInUp&quot;}\">\n\t\t\t\t<div class=\"elementor-element elementor-element-8380639 elementor-widget elementor-widget-text-editor\" data-id=\"8380639\" data-element_type=\"widget\" data-widget_type=\"text-editor.default\">\n\t\t\t\t\t\t\t\t\t<p><span style=\"font-weight: 400;\">Cordelia Alegre, a director and screenwriter born in Barcelona, graduated in Audiovisual Communication from the Universitat Pompeu Fabra, with a course completed at the Universit\u00e9 Paris VII. For her final degree project, she co-directed the documentary \"La dist\u00e0ncia dels noms,\" which premiered at the Seminci of Valladolid in 2016. She pursued a Master's in Documentary at UPF and went on to become an assistant director to Neus Ball\u00fas in the film \"Sis dies corrents,\" produced by Distinto Films. She currently works as a freelance filmmaker, specializing in audiovisual production of concerts for organizations such as L\u2019Auditori and the Gran Teatre del Liceu. She is also the co-founder of the Association Nadir \u2013 Audiovisual and Education which develops film workshops in various educational centers.<\/span><\/p><p><span style=\"font-weight: 400;\">\u00a0<\/span><\/p><p><span style=\"font-weight: 400;\">Her short film \"Mestral,\" produced by Fractal, was selected for the \"Acci\u00f3 Curts\" program by Dones Visuals and premiered at the D\u2019A Festival in Barcelona, as well as being featured at the Aspen Short Film Festival (USA) and the Raindance Film Festival in London, among others. Simultaneously, she is developing the script for the fiction feature film \"La Uni\u00f3n,\" produced by \u00c0ngels Masclans and the Colombian production company Rara Colectivo. The project has been part of several script labs (The Screen Incubator, Residencia Iberoamericana de Guion Algo en com\u00fan, TFL Extended, Novos Cinemas, Scriptnest) and has received various development and production grants. Filming is scheduled for 2025. Her latest short film, \"El norte\" (currently in distribution), won the Crea Grant from the Barcelona City Council and was awarded 2nd prize at the \"Emergente Cine Lab\" short film lab.<\/span><\/p>\t\t\t\t\t\t\t\t<\/div>\n\t\t\t\t<\/div>\n\t\t\t\t<\/div>\n\t\t<div class=\"elementor-element elementor-element-e706825 e-con-full e-flex wpr-particle-no wpr-jarallax-no wpr-parallax-no wpr-sticky-section-no e-con e-parent\" data-id=\"e706825\" data-element_type=\"container\">\n\t\t\t\t<div class=\"elementor-element elementor-element-609253b elementor-widget-divider--view-line elementor-widget elementor-widget-divider\" data-id=\"609253b\" data-element_type=\"widget\" data-widget_type=\"divider.default\">\n\t\t\t\t\t\t\t<div class=\"elementor-divider\">\n\t\t\t<span class=\"elementor-divider-separator\">\n\t\t\t\t\t\t<\/span>\n\t\t<\/div>\n\t\t\t\t\t\t<\/div>\n\t\t<div class=\"elementor-element elementor-element-e1210ec e-flex e-con-boxed wpr-particle-no wpr-jarallax-no wpr-parallax-no wpr-sticky-section-no elementor-invisible e-con e-child\" data-id=\"e1210ec\" data-element_type=\"container\" data-settings=\"{&quot;animation&quot;:&quot;fadeInUp&quot;}\">\n\t\t\t\t\t<div class=\"e-con-inner\">\n\t\t<div class=\"elementor-element elementor-element-936e996 e-flex e-con-boxed wpr-particle-no wpr-jarallax-no wpr-parallax-no wpr-sticky-section-no e-con e-child\" data-id=\"936e996\" data-element_type=\"container\">\n\t\t\t\t\t<div class=\"e-con-inner\">\n\t\t\t\t<div class=\"elementor-element elementor-element-57a2cfb elementor-widget elementor-widget-text-editor\" data-id=\"57a2cfb\" data-element_type=\"widget\" data-widget_type=\"text-editor.default\">\n\t\t\t\t\t\t\t\t\t<p>cordeliaalegre.com <br \/>+34 667 794 796<br \/>cordelia.alegre@gmail.com<\/p>\t\t\t\t\t\t\t\t<\/div>\n\t\t\t\t<div class=\"elementor-element elementor-element-672b1dd elementor-icon-list--layout-traditional elementor-list-item-link-full_width elementor-widget elementor-widget-icon-list\" data-id=\"672b1dd\" data-element_type=\"widget\" data-widget_type=\"icon-list.default\">\n\t\t\t\t\t\t\t<ul class=\"elementor-icon-list-items\">\n\t\t\t\t\t\t\t<li class=\"elementor-icon-list-item\">\n\t\t\t\t\t\t\t\t\t\t\t<a href=\"https:\/\/dafilmfestival.com\/es\/director\/cordelia-alegre\/\" target=\"_blank\">\n\n\t\t\t\t\t\t\t\t\t\t\t\t<span class=\"elementor-icon-list-icon\">\n\t\t\t\t\t\t\t<svg aria-hidden=\"true\" class=\"e-font-icon-svg e-fas-circle\" viewbox=\"0 0 512 512\" xmlns=\"http:\/\/www.w3.org\/2000\/svg\"><path d=\"M256 8C119 8 8 119 8 256s111 248 248 248 248-111 248-248S393 8 256 8z\"><\/path><\/svg>\t\t\t\t\t\t<\/span>\n\t\t\t\t\t\t\t\t\t\t<span class=\"elementor-icon-list-text\">Profile on the D\u2019A website<\/span>\n\t\t\t\t\t\t\t\t\t\t\t<\/a>\n\t\t\t\t\t\t\t\t\t<\/li>\n\t\t\t\t\t\t\t\t<li class=\"elementor-icon-list-item\">\n\t\t\t\t\t\t\t\t\t\t\t<a href=\"https:\/\/donesvisuals.cat\/usuaris\/cordelia-alegre\/\" target=\"_blank\">\n\n\t\t\t\t\t\t\t\t\t\t\t\t<span class=\"elementor-icon-list-icon\">\n\t\t\t\t\t\t\t<svg aria-hidden=\"true\" class=\"e-font-icon-svg e-fas-circle\" viewbox=\"0 0 512 512\" xmlns=\"http:\/\/www.w3.org\/2000\/svg\"><path d=\"M256 8C119 8 8 119 8 256s111 248 248 248 248-111 248-248S393 8 256 8z\"><\/path><\/svg>\t\t\t\t\t\t<\/span>\n\t\t\t\t\t\t\t\t\t\t<span class=\"elementor-icon-list-text\">Profile of Dones Visuals<\/span>\n\t\t\t\t\t\t\t\t\t\t\t<\/a>\n\t\t\t\t\t\t\t\t\t<\/li>\n\t\t\t\t\t\t\t\t<li class=\"elementor-icon-list-item\">\n\t\t\t\t\t\t\t\t\t\t\t<a href=\"https:\/\/faberllull.cat\/ca\/resident.cfm?id=43515&#038;url=cordelia-alegre-pradilla.htm\" target=\"_blank\">\n\n\t\t\t\t\t\t\t\t\t\t\t\t<span class=\"elementor-icon-list-icon\">\n\t\t\t\t\t\t\t<svg aria-hidden=\"true\" class=\"e-font-icon-svg e-fas-circle\" viewbox=\"0 0 512 512\" xmlns=\"http:\/\/www.w3.org\/2000\/svg\"><path d=\"M256 8C119 8 8 119 8 256s111 248 248 248 248-111 248-248S393 8 256 8z\"><\/path><\/svg>\t\t\t\t\t\t<\/span>\n\t\t\t\t\t\t\t\t\t\t<span class=\"elementor-icon-list-text\">Faberlull profile<\/span>\n\t\t\t\t\t\t\t\t\t\t\t<\/a>\n\t\t\t\t\t\t\t\t\t<\/li>\n\t\t\t\t\t\t<\/ul>\n\t\t\t\t\t\t<\/div>\n\t\t\t\t\t<\/div>\n\t\t\t\t<\/div>\n\t\t<div class=\"elementor-element elementor-element-7dece30 e-flex e-con-boxed wpr-particle-no wpr-jarallax-no wpr-parallax-no wpr-sticky-section-no e-con e-child\" data-id=\"7dece30\" data-element_type=\"container\">\n\t\t\t\t\t<div class=\"e-con-inner\">\n\t\t\t\t<div class=\"elementor-element elementor-element-bf5bcb4 elementor-widget elementor-widget-image\" data-id=\"bf5bcb4\" data-element_type=\"widget\" data-widget_type=\"image.default\">\n\t\t\t\t\t\t\t\t\t\t\t\t\t\t\t<img decoding=\"async\" width=\"2560\" height=\"1707\" src=\"https:\/\/cordeliaalegre.com\/wp-content\/uploads\/2024\/05\/Cordelia_fotoMartiAlbesa-scaled.webp\" class=\"attachment-full size-full wp-image-526\" alt=\"\" srcset=\"https:\/\/cordeliaalegre.com\/wp-content\/uploads\/2024\/05\/Cordelia_fotoMartiAlbesa-scaled.webp 2560w, https:\/\/cordeliaalegre.com\/wp-content\/uploads\/2024\/05\/Cordelia_fotoMartiAlbesa-300x200.webp 300w, https:\/\/cordeliaalegre.com\/wp-content\/uploads\/2024\/05\/Cordelia_fotoMartiAlbesa-1024x683.webp 1024w, https:\/\/cordeliaalegre.com\/wp-content\/uploads\/2024\/05\/Cordelia_fotoMartiAlbesa-768x512.webp 768w, https:\/\/cordeliaalegre.com\/wp-content\/uploads\/2024\/05\/Cordelia_fotoMartiAlbesa-1536x1024.webp 1536w, https:\/\/cordeliaalegre.com\/wp-content\/uploads\/2024\/05\/Cordelia_fotoMartiAlbesa-2048x1365.webp 2048w\" sizes=\"(max-width: 2560px) 100vw, 2560px\" \/>\t\t\t\t\t\t\t\t\t\t\t\t\t\t\t<\/div>\n\t\t\t\t\t<\/div>\n\t\t\t\t<\/div>\n\t\t\t\t\t<\/div>\n\t\t\t\t<\/div>\n\t\t\t\t<div class=\"elementor-element elementor-element-6081ff2 elementor-widget-divider--view-line elementor-widget elementor-widget-divider\" data-id=\"6081ff2\" data-element_type=\"widget\" data-widget_type=\"divider.default\">\n\t\t\t\t\t\t\t<div class=\"elementor-divider\">\n\t\t\t<span class=\"elementor-divider-separator\">\n\t\t\t\t\t\t<\/span>\n\t\t<\/div>\n\t\t\t\t\t\t<\/div>\n\t\t\t\t<\/div>\n\t\t\t\t<\/div>","protected":false},"excerpt":{"rendered":"<p>Sobre mi Hola! S\u00f3c Cordelia Alegre, una apassionada directora i guionista nascuda a Barcelona. Cordelia Alegre, directora y guionista nacida en Barcelona, se gradu\u00f3 en Comunicaci\u00f3n Audiovisual en la Universitat Pompeu Fabra, con un curso realizado en la Universit\u00e9 Paris VII. Como trabajo final de grado, co dirigi\u00f3 el documental \u00abLa dist\u00e0ncia dels noms\u00bb, estrenado en la Seminci de Valladolid en 2016. Curs\u00f3 el M\u00e1ster de Documental en la UPF y pas\u00f3 a ser asistente de direcci\u00f3n de la directora Neus Ball\u00fas en la pel\u00edcula \u00abSis dies corrents\u00bb, producida por Distinto Films. Actualmente trabaja como realizadora freelance, especializada en la realizaci\u00f3n audiovisual de conciertos para entidades como L\u2019Auditori o el Gran Teatre del Liceu. Tambi\u00e9n es cofundadora de la Asociaci\u00f3n Nadir \u2013 Audiovisual y Educaci\u00f3n, con sede en la F\u00e0brica de Creaci\u00f3 Fabra i Coats, que desarrolla talleres de cine en varios centros educativos. \u00a0 Su cortometraje \u00abMestral\u00bb, producido por Fractal, fue seleccionado en el programa \u00abAcci\u00f3 Curts\u00bb de Dones Visuals y estrenado en el Festival D\u2019A de Barcelona, adem\u00e1s de pasar por el Aspen Short Film Festival (EEUU) y en el Raindance Film Festival de Londres, entre otros. Paralelamente, est\u00e1 desarrollando el guion del largometraje de ficci\u00f3n \u00abLa Uni\u00f3n\u00bb, producido por \u00c0ngels Masclans y la productora colombiana Rara Colectivo. El proyecto ha formado parte de varios laboratorios de guion (The Screen La Incubadora, Residencia Iberoamericana de Guion, TFL Extended, Novos Cinemas, Scriptnest) y ha sido beneficiario de varias ayudas de desarrollo y producci\u00f3n. El rodaje est\u00e1 previsto para el pr\u00f3ximo 2025. Su \u00faltimo cortometraje, \u00abEl norte\u00bb (actualmente en distribuci\u00f3n), fue ganador de la Beca Crea del Ayuntamiento de Barcelona y galardonado con el 2\u00ba premio del laboratorio de cortometrajes \u00abEmergente Cine Lab\u00bb. cordeliaalegre.com +34 667 794 796cordelia.alegre@gmail.com Perfil a la web del D\u2019A Perfil a Dones Visuals Perfil Faberllull<\/p>","protected":false},"author":3,"featured_media":0,"parent":0,"menu_order":0,"comment_status":"closed","ping_status":"closed","template":"elementor_header_footer","meta":{"_acf_changed":false,"footnotes":""},"class_list":["post-73","page","type-page","status-publish","hentry"],"acf":[],"_links":{"self":[{"href":"https:\/\/cordeliaalegre.com\/en\/wp-json\/wp\/v2\/pages\/73","targetHints":{"allow":["GET"]}}],"collection":[{"href":"https:\/\/cordeliaalegre.com\/en\/wp-json\/wp\/v2\/pages"}],"about":[{"href":"https:\/\/cordeliaalegre.com\/en\/wp-json\/wp\/v2\/types\/page"}],"author":[{"embeddable":true,"href":"https:\/\/cordeliaalegre.com\/en\/wp-json\/wp\/v2\/users\/3"}],"replies":[{"embeddable":true,"href":"https:\/\/cordeliaalegre.com\/en\/wp-json\/wp\/v2\/comments?post=73"}],"version-history":[{"count":0,"href":"https:\/\/cordeliaalegre.com\/en\/wp-json\/wp\/v2\/pages\/73\/revisions"}],"wp:attachment":[{"href":"https:\/\/cordeliaalegre.com\/en\/wp-json\/wp\/v2\/media?parent=73"}],"curies":[{"name":"wp","href":"https:\/\/api.w.org\/{rel}","templated":true}]}}